{"id":11,"date":"2013-06-25T21:32:37","date_gmt":"2013-06-25T19:32:37","guid":{"rendered":"http:\/\/www.traunreiter.at\/site\/?page_id=11"},"modified":"2024-10-08T14:26:04","modified_gmt":"2024-10-08T12:26:04","slug":"reitwegenetz","status":"publish","type":"page","link":"https:\/\/www.traunreiter.at\/site\/reitwegenetz\/","title":{"rendered":"Reitwegenetz"},"content":{"rendered":"<p>Das Traunreiter Reitwegenetz w\u00e4chst und w\u00e4chst weiter. Auf dieser Karte befindet sich der aktuelle Stand. Die blau eingetragene Line entspricht dem Reitweg. Alle Wege verf\u00fcgen \u00fcber die entsprechenden Kennzeichnungen. Hier finden Sie detailgenaue Landkarten des Reitwegenetzes:<\/p>\n<p>&nbsp;<\/p>\n<p><a href=\"https:\/\/www.traunreiter.at\/site\/wp-content\/uploads\/2014\/05\/WelsTeil1.jpg\">Detailansicht Wels Teil 1<\/a><\/p>\n<p><a href=\"https:\/\/www.traunreiter.at\/site\/wp-content\/uploads\/2014\/05\/WelsTeil1.jpg\" target=\"_blank\" rel=\"noopener\"><img loading=\"lazy\" decoding=\"async\" class=\"attachment-266x266\" src=\"https:\/\/www.traunreiter.at\/site\/wp-content\/uploads\/2014\/05\/WelsTeil1-1190x1024.jpg\" alt=\"WelsTeil1\" width=\"266\" height=\"228\" \/><\/a><\/p>\n<p>&nbsp;<\/p>\n<p><a href=\"https:\/\/www.traunreiter.at\/site\/wp-content\/uploads\/2014\/06\/WelsTeil2.jpg\">Detailansicht\u00a0Wels Teil 2<\/a><\/p>\n<p><a href=\"https:\/\/www.traunreiter.at\/site\/wp-content\/uploads\/2014\/06\/WelsTeil2.jpg\" rel=\"attachment wp-att-461\"><img loading=\"lazy\" decoding=\"async\" class=\"alignnone size-medium wp-image-461\" src=\"https:\/\/www.traunreiter.at\/site\/wp-content\/uploads\/2014\/06\/WelsTeil2-258x225.jpg\" alt=\"WelsTeil2\" width=\"258\" height=\"225\" srcset=\"https:\/\/www.traunreiter.at\/site\/wp-content\/uploads\/2014\/06\/WelsTeil2-258x225.jpg 258w, https:\/\/www.traunreiter.at\/site\/wp-content\/uploads\/2014\/06\/WelsTeil2-1173x1024.jpg 1173w\" sizes=\"(max-width: 258px) 100vw, 258px\" \/><\/a><\/p>\n<p>&nbsp;<\/p>\n<p><a href=\"https:\/\/www.traunreiter.at\/site\/wp-content\/uploads\/2014\/05\/WelsTeil3.jpg\">Detailansicht Wels Teil 3<\/a><\/p>\n<p><a href=\"https:\/\/www.traunreiter.at\/site\/wp-content\/uploads\/2014\/05\/WelsTeil3.jpg\"><img loading=\"lazy\" decoding=\"async\" class=\"attachment-266x266\" src=\"https:\/\/www.traunreiter.at\/site\/wp-content\/uploads\/2014\/05\/WelsTeil3-990x1024.jpg\" alt=\"WelsTeil3\" width=\"257\" height=\"266\" \/><\/a><\/p>\n<p>&nbsp;<\/p>\n<p><a href=\"https:\/\/www.traunreiter.at\/site\/wp-content\/uploads\/2014\/05\/WelsTeil4.jpg\">Detailansicht\u00a0Wels Teil 4<\/a><\/p>\n<p><a href=\"https:\/\/www.traunreiter.at\/site\/wp-content\/uploads\/2014\/05\/WelsTeil4.jpg\" rel=\"attachment wp-att-429\"><img loading=\"lazy\" decoding=\"async\" class=\"alignnone size-medium wp-image-429\" src=\"https:\/\/www.traunreiter.at\/site\/wp-content\/uploads\/2014\/05\/WelsTeil4-251x258.jpg\" alt=\"WelsTeil4\" width=\"251\" height=\"258\" srcset=\"https:\/\/www.traunreiter.at\/site\/wp-content\/uploads\/2014\/05\/WelsTeil4-251x258.jpg 251w, https:\/\/www.traunreiter.at\/site\/wp-content\/uploads\/2014\/05\/WelsTeil4-996x1024.jpg 996w\" sizes=\"(max-width: 251px) 100vw, 251px\" \/><\/a><\/p>\n<p>&nbsp;<\/p>\n<p><a href=\"https:\/\/www.traunreiter.at\/site\/wp-content\/uploads\/2014\/05\/TraunsteinTeil1.jpg\">Detailansicht Traunsteinregion 1<\/a><\/p>\n<p><a href=\"https:\/\/www.traunreiter.at\/site\/wp-content\/uploads\/2014\/05\/TraunsteinTeil1.jpg\"><img loading=\"lazy\" decoding=\"async\" class=\"attachment-266x266\" src=\"https:\/\/www.traunreiter.at\/site\/wp-content\/uploads\/2014\/05\/TraunsteinTeil1-1401x1024.jpg\" alt=\"TraunsteinTeil1\" width=\"266\" height=\"194\" \/><\/a><\/p>\n<p>&nbsp;<\/p>\n<p><a href=\"https:\/\/www.traunreiter.at\/site\/wp-content\/uploads\/2014\/05\/TraunsteinTeil2.jpg\">Detailansicht Traunsteinregion 2<\/a><\/p>\n<p><a href=\"https:\/\/www.traunreiter.at\/site\/wp-content\/uploads\/2014\/05\/TraunsteinTeil2.jpg\"><img loading=\"lazy\" decoding=\"async\" class=\"attachment-266x266\" src=\"https:\/\/www.traunreiter.at\/site\/wp-content\/uploads\/2014\/05\/TraunsteinTeil2-1341x1024.jpg\" alt=\"TraunsteinTeil2\" width=\"266\" height=\"203\" \/><\/a><\/p>\n<p>&nbsp;<\/p>\n<p><a href=\"https:\/\/www.traunreiter.at\/site\/wp-content\/uploads\/2014\/05\/TraunsteinTeil3.jpg\">Detailansicht Traunsteinregion 3<\/a><\/p>\n<p><a href=\"https:\/\/www.traunreiter.at\/site\/wp-content\/uploads\/2014\/05\/TraunsteinTeil3.jpg\"><img loading=\"lazy\" decoding=\"async\" class=\"attachment-266x266\" src=\"https:\/\/www.traunreiter.at\/site\/wp-content\/uploads\/2014\/05\/TraunsteinTeil3-1395x1024.jpg\" alt=\"TraunsteinTeil3\" width=\"266\" height=\"195\" \/><\/a><\/p>\n<p>&nbsp;<\/p>\n<p><a href=\"https:\/\/www.traunreiter.at\/site\/wp-content\/uploads\/2014\/05\/TraunsteinTeil4.jpg\">Detailansicht Traunsteinregion 4<\/a><\/p>\n<p><a href=\"https:\/\/www.traunreiter.at\/site\/wp-content\/uploads\/2014\/05\/TraunsteinTeil4.jpg\"><img loading=\"lazy\" decoding=\"async\" class=\"attachment-266x266\" src=\"https:\/\/www.traunreiter.at\/site\/wp-content\/uploads\/2014\/05\/TraunsteinTeil4-1372x1024.jpg\" alt=\"TraunsteinTeil4\" width=\"266\" height=\"198\" \/><\/a><\/p>\n<p>&nbsp;<\/p>\n<p>&nbsp;<\/p>\n<p>&nbsp;<\/p>\n<p><a href=\"https:\/\/www.traunreiter.at\/site\/wp-content\/uploads\/2014\/05\/VoecklaAgerTeil1.jpg\">Detailansicht V\u00f6ckla-Ager 1<\/a><\/p>\n<p><a href=\"https:\/\/www.traunreiter.at\/site\/wp-content\/uploads\/2014\/05\/VoecklaAgerTeil1.jpg\">\u00a0<\/a><\/p>\n<p><a href=\"https:\/\/www.traunreiter.at\/site\/wp-content\/uploads\/2014\/05\/VoecklaAgerTeil2.jpg\">Detailansicht V\u00f6ckla-Ager 2<\/a><\/p>\n<p><a href=\"https:\/\/www.traunreiter.at\/site\/wp-content\/uploads\/2014\/05\/VoecklaAgerTeil2.jpg\">\u00a0<img loading=\"lazy\" decoding=\"async\" class=\"attachment-266x266\" src=\"https:\/\/www.traunreiter.at\/site\/wp-content\/uploads\/2014\/05\/VoecklaAgerTeil2-1448x1024.jpg\" alt=\"VoecklaAgerTeil2\" width=\"266\" height=\"188\" \/><\/a><\/p>\n<p>&nbsp;<\/p>\n<p>&nbsp;<\/p>\n<p><a href=\"https:\/\/www.traunreiter.at\/site\/wp-content\/uploads\/2014\/05\/V\u00f6ckla-Ager-Desselbrunn.jpg\">Detailansicht V\u00f6ckla-Ager Desselbrunn<\/a><\/p>\n<p><a href=\"https:\/\/www.traunreiter.at\/site\/wp-content\/uploads\/2014\/05\/V\u00f6ckla-Ager-Desselbrunn.jpg\"><img loading=\"lazy\" decoding=\"async\" class=\"attachment-266x266\" style=\"cursor: default; border: 0px initial initial;\" src=\"https:\/\/www.traunreiter.at\/site\/wp-content\/uploads\/2014\/05\/WelsTeil4-996x1024.jpg\" alt=\"WelsTeil4\" width=\"258\" height=\"266\" \/><\/a><\/p>\n","protected":false},"excerpt":{"rendered":"<p>Das Traunreiter Reitwegenetz w\u00e4chst und w\u00e4chst weiter. Auf dieser Karte befindet sich der aktuelle Stand. Die blau eingetragene Line entspricht dem Reitweg. Alle Wege verf\u00fcgen \u00fcber die entsprechenden Kennzeichnungen. Hier finden Sie detailgenaue Landkarten des Reitwegenetzes: &nbsp; Detailansicht Wels Teil 1 &nbsp; Detailansicht\u00a0Wels Teil 2 &nbsp; Detailansicht Wels Teil 3 &nbsp; Detailansicht\u00a0Wels Teil 4 &nbsp; [&hellip;]<\/p>\n","protected":false},"author":1,"featured_media":0,"parent":0,"menu_order":0,"comment_status":"open","ping_status":"closed","template":"","meta":{"saved_in_kubio":false,"footnotes":""},"class_list":["post-11","page","type-page","status-publish","hentry"],"kubio_ai_page_context":{"short_desc":"","purpose":"general"},"yoast_head":"<!-- This site is optimized with the Yoast SEO plugin v23.6 - https:\/\/yoast.com\/wordpress\/plugins\/seo\/ -->\n<title>Reitwegenetz - Traunreiter<\/title>\n<meta name=\"description\" content=\"Sie m\u00f6chten wissen, wo Sie als Mitglied der Traunreiter \u00fcberall reiten d\u00fcrfen? Hier erfahren Sie alles \u00fcber das Reitwegenetz der Traunreiter.\" \/>\n<meta name=\"robots\" content=\"index, follow, max-snippet:-1, max-image-preview:large, max-video-preview:-1\" \/>\n<link rel=\"canonical\" href=\"https:\/\/www.traunreiter.at\/site\/reitwegenetz\/\" \/>\n<meta property=\"og:locale\" content=\"de_DE\" \/>\n<meta property=\"og:type\" content=\"article\" \/>\n<meta property=\"og:title\" content=\"Reitwegenetz - Traunreiter\" \/>\n<meta property=\"og:description\" content=\"Sie m\u00f6chten wissen, wo Sie als Mitglied der Traunreiter \u00fcberall reiten d\u00fcrfen? Hier erfahren Sie alles \u00fcber das Reitwegenetz der Traunreiter.\" \/>\n<meta property=\"og:url\" content=\"https:\/\/www.traunreiter.at\/site\/reitwegenetz\/\" \/>\n<meta property=\"og:site_name\" content=\"Traunreiter\" \/>\n<meta property=\"article:modified_time\" content=\"2024-10-08T12:26:04+00:00\" \/>\n<meta property=\"og:image\" content=\"https:\/\/www.traunreiter.at\/site\/wp-content\/uploads\/2014\/05\/WelsTeil1-1190x1024.jpg\" \/>\n<script type=\"application\/ld+json\" class=\"yoast-schema-graph\">{\"@context\":\"https:\/\/schema.org\",\"@graph\":[{\"@type\":\"WebPage\",\"@id\":\"https:\/\/www.traunreiter.at\/site\/reitwegenetz\/\",\"url\":\"https:\/\/www.traunreiter.at\/site\/reitwegenetz\/\",\"name\":\"Reitwegenetz - Traunreiter\",\"isPartOf\":{\"@id\":\"https:\/\/www.traunreiter.at\/site\/#website\"},\"primaryImageOfPage\":{\"@id\":\"https:\/\/www.traunreiter.at\/site\/reitwegenetz\/#primaryimage\"},\"image\":{\"@id\":\"https:\/\/www.traunreiter.at\/site\/reitwegenetz\/#primaryimage\"},\"thumbnailUrl\":\"https:\/\/www.traunreiter.at\/site\/wp-content\/uploads\/2014\/05\/WelsTeil1-1190x1024.jpg\",\"datePublished\":\"2013-06-25T19:32:37+00:00\",\"dateModified\":\"2024-10-08T12:26:04+00:00\",\"description\":\"Sie m\u00f6chten wissen, wo Sie als Mitglied der Traunreiter \u00fcberall reiten d\u00fcrfen? Hier erfahren Sie alles \u00fcber das Reitwegenetz der Traunreiter.\",\"breadcrumb\":{\"@id\":\"https:\/\/www.traunreiter.at\/site\/reitwegenetz\/#breadcrumb\"},\"inLanguage\":\"de\",\"potentialAction\":[{\"@type\":\"ReadAction\",\"target\":[\"https:\/\/www.traunreiter.at\/site\/reitwegenetz\/\"]}]},{\"@type\":\"ImageObject\",\"inLanguage\":\"de\",\"@id\":\"https:\/\/www.traunreiter.at\/site\/reitwegenetz\/#primaryimage\",\"url\":\"https:\/\/www.traunreiter.at\/site\/wp-content\/uploads\/2014\/05\/WelsTeil1.jpg\",\"contentUrl\":\"https:\/\/www.traunreiter.at\/site\/wp-content\/uploads\/2014\/05\/WelsTeil1.jpg\",\"width\":4078,\"height\":3508},{\"@type\":\"BreadcrumbList\",\"@id\":\"https:\/\/www.traunreiter.at\/site\/reitwegenetz\/#breadcrumb\",\"itemListElement\":[{\"@type\":\"ListItem\",\"position\":1,\"name\":\"Home\",\"item\":\"https:\/\/www.traunreiter.at\/site\/\"},{\"@type\":\"ListItem\",\"position\":2,\"name\":\"Reitwegenetz\"}]},{\"@type\":\"WebSite\",\"@id\":\"https:\/\/www.traunreiter.at\/site\/#website\",\"url\":\"https:\/\/www.traunreiter.at\/site\/\",\"name\":\"Traunreiter\",\"description\":\"Der Reitbetrieb in Ober\u00f6sterreich\",\"publisher\":{\"@id\":\"https:\/\/www.traunreiter.at\/site\/#organization\"},\"potentialAction\":[{\"@type\":\"SearchAction\",\"target\":{\"@type\":\"EntryPoint\",\"urlTemplate\":\"https:\/\/www.traunreiter.at\/site\/?s={search_term_string}\"},\"query-input\":{\"@type\":\"PropertyValueSpecification\",\"valueRequired\":true,\"valueName\":\"search_term_string\"}}],\"inLanguage\":\"de\"},{\"@type\":\"Organization\",\"@id\":\"https:\/\/www.traunreiter.at\/site\/#organization\",\"name\":\"Traunreiter\",\"url\":\"https:\/\/www.traunreiter.at\/site\/\",\"logo\":{\"@type\":\"ImageObject\",\"inLanguage\":\"de\",\"@id\":\"https:\/\/www.traunreiter.at\/site\/#\/schema\/logo\/image\/\",\"url\":\"https:\/\/www.traunreiter.at\/site\/wp-content\/uploads\/2024\/10\/logo.png\",\"contentUrl\":\"https:\/\/www.traunreiter.at\/site\/wp-content\/uploads\/2024\/10\/logo.png\",\"width\":267,\"height\":131,\"caption\":\"Traunreiter\"},\"image\":{\"@id\":\"https:\/\/www.traunreiter.at\/site\/#\/schema\/logo\/image\/\"}}]}<\/script>\n<!-- \/ Yoast SEO plugin. -->","yoast_head_json":{"title":"Reitwegenetz - Traunreiter","description":"Sie m\u00f6chten wissen, wo Sie als Mitglied der Traunreiter \u00fcberall reiten d\u00fcrfen? Hier erfahren Sie alles \u00fcber das Reitwegenetz der Traunreiter.","robots":{"index":"index","follow":"follow","max-snippet":"max-snippet:-1","max-image-preview":"max-image-preview:large","max-video-preview":"max-video-preview:-1"},"canonical":"https:\/\/www.traunreiter.at\/site\/reitwegenetz\/","og_locale":"de_DE","og_type":"article","og_title":"Reitwegenetz - Traunreiter","og_description":"Sie m\u00f6chten wissen, wo Sie als Mitglied der Traunreiter \u00fcberall reiten d\u00fcrfen? Hier erfahren Sie alles \u00fcber das Reitwegenetz der Traunreiter.","og_url":"https:\/\/www.traunreiter.at\/site\/reitwegenetz\/","og_site_name":"Traunreiter","article_modified_time":"2024-10-08T12:26:04+00:00","og_image":[{"url":"https:\/\/www.traunreiter.at\/site\/wp-content\/uploads\/2014\/05\/WelsTeil1-1190x1024.jpg"}],"schema":{"@context":"https:\/\/schema.org","@graph":[{"@type":"WebPage","@id":"https:\/\/www.traunreiter.at\/site\/reitwegenetz\/","url":"https:\/\/www.traunreiter.at\/site\/reitwegenetz\/","name":"Reitwegenetz - Traunreiter","isPartOf":{"@id":"https:\/\/www.traunreiter.at\/site\/#website"},"primaryImageOfPage":{"@id":"https:\/\/www.traunreiter.at\/site\/reitwegenetz\/#primaryimage"},"image":{"@id":"https:\/\/www.traunreiter.at\/site\/reitwegenetz\/#primaryimage"},"thumbnailUrl":"https:\/\/www.traunreiter.at\/site\/wp-content\/uploads\/2014\/05\/WelsTeil1-1190x1024.jpg","datePublished":"2013-06-25T19:32:37+00:00","dateModified":"2024-10-08T12:26:04+00:00","description":"Sie m\u00f6chten wissen, wo Sie als Mitglied der Traunreiter \u00fcberall reiten d\u00fcrfen? Hier erfahren Sie alles \u00fcber das Reitwegenetz der Traunreiter.","breadcrumb":{"@id":"https:\/\/www.traunreiter.at\/site\/reitwegenetz\/#breadcrumb"},"inLanguage":"de","potentialAction":[{"@type":"ReadAction","target":["https:\/\/www.traunreiter.at\/site\/reitwegenetz\/"]}]},{"@type":"ImageObject","inLanguage":"de","@id":"https:\/\/www.traunreiter.at\/site\/reitwegenetz\/#primaryimage","url":"https:\/\/www.traunreiter.at\/site\/wp-content\/uploads\/2014\/05\/WelsTeil1.jpg","contentUrl":"https:\/\/www.traunreiter.at\/site\/wp-content\/uploads\/2014\/05\/WelsTeil1.jpg","width":4078,"height":3508},{"@type":"BreadcrumbList","@id":"https:\/\/www.traunreiter.at\/site\/reitwegenetz\/#breadcrumb","itemListElement":[{"@type":"ListItem","position":1,"name":"Home","item":"https:\/\/www.traunreiter.at\/site\/"},{"@type":"ListItem","position":2,"name":"Reitwegenetz"}]},{"@type":"WebSite","@id":"https:\/\/www.traunreiter.at\/site\/#website","url":"https:\/\/www.traunreiter.at\/site\/","name":"Traunreiter","description":"Der Reitbetrieb in Ober\u00f6sterreich","publisher":{"@id":"https:\/\/www.traunreiter.at\/site\/#organization"},"potentialAction":[{"@type":"SearchAction","target":{"@type":"EntryPoint","urlTemplate":"https:\/\/www.traunreiter.at\/site\/?s={search_term_string}"},"query-input":{"@type":"PropertyValueSpecification","valueRequired":true,"valueName":"search_term_string"}}],"inLanguage":"de"},{"@type":"Organization","@id":"https:\/\/www.traunreiter.at\/site\/#organization","name":"Traunreiter","url":"https:\/\/www.traunreiter.at\/site\/","logo":{"@type":"ImageObject","inLanguage":"de","@id":"https:\/\/www.traunreiter.at\/site\/#\/schema\/logo\/image\/","url":"https:\/\/www.traunreiter.at\/site\/wp-content\/uploads\/2024\/10\/logo.png","contentUrl":"https:\/\/www.traunreiter.at\/site\/wp-content\/uploads\/2024\/10\/logo.png","width":267,"height":131,"caption":"Traunreiter"},"image":{"@id":"https:\/\/www.traunreiter.at\/site\/#\/schema\/logo\/image\/"}}]}},"_links":{"self":[{"href":"https:\/\/www.traunreiter.at\/site\/wp-json\/wp\/v2\/pages\/11"}],"collection":[{"href":"https:\/\/www.traunreiter.at\/site\/wp-json\/wp\/v2\/pages"}],"about":[{"href":"https:\/\/www.traunreiter.at\/site\/wp-json\/wp\/v2\/types\/page"}],"author":[{"embeddable":true,"href":"https:\/\/www.traunreiter.at\/site\/wp-json\/wp\/v2\/users\/1"}],"replies":[{"embeddable":true,"href":"https:\/\/www.traunreiter.at\/site\/wp-json\/wp\/v2\/comments?post=11"}],"version-history":[{"count":53,"href":"https:\/\/www.traunreiter.at\/site\/wp-json\/wp\/v2\/pages\/11\/revisions"}],"predecessor-version":[{"id":591,"href":"https:\/\/www.traunreiter.at\/site\/wp-json\/wp\/v2\/pages\/11\/revisions\/591"}],"wp:attachment":[{"href":"https:\/\/www.traunreiter.at\/site\/wp-json\/wp\/v2\/media?parent=11"}],"curies":[{"name":"wp","href":"https:\/\/api.w.org\/{rel}","templated":true}]}}